{"id":3265,"date":"2022-06-16T09:39:55","date_gmt":"2022-06-16T16:39:55","guid":{"rendered":"https:\/\/ca-vc.org\/?page_id=3265"},"modified":"2025-02-06T11:37:26","modified_gmt":"2025-02-06T19:37:26","slug":"cavc-staff","status":"publish","type":"page","link":"https:\/\/ca-vc.org\/es\/cavc-staff\/","title":{"rendered":"Personal CAVC"},"content":{"rendered":"<h2>\n\t\tQuienes somos\n\t<\/h2>\n<h1>\n\t\tPersonal CAVC\n\t<\/h1>\n<h2>\n\t\tEquipo de liderazgo de CAVC\n\t<\/h2>\n\t\t\t\t<img decoding=\"async\" data-src=\"https:\/\/ca-vc.org\/wp-content\/uploads\/2022\/06\/Susy-Headshot-sq.jpg\" alt=\"Susy Lopez-Garica\" itemprop=\"image\" height=\"800\" width=\"800\" onerror=\"this.style.display='none'\" src=\"data:image\/svg+xml;base64,PHN2ZyB3aWR0aD0iMSIgaGVpZ2h0PSIxIiB4bWxucz0iaHR0cDovL3d3dy53My5vcmcvMjAwMC9zdmciPjwvc3ZnPg==\" class=\"lazyload\" style=\"--smush-placeholder-width: 800px; --smush-placeholder-aspect-ratio: 800\/800;\" \/>\n<h3>\n\t\tSusana &#8220;Susy&#8221; Lopez-Garcia\n\t<\/h3>\n\t<p>Director ejecutivo<\/p>\n\t\t\t<h4>Susana &#8220;Susy&#8221; Lopez-Garcia<\/h4>\n\t\t\t<p>Susy Lopez-Garcia se convirti\u00f3 en Directora Ejecutiva de Acci\u00f3n Comunitaria del Condado de Ventura (CAVC) el 2 de enero de 2020.<\/p>\n<p>Susy started with CAVC in 2014 as a Cal-Fresh outreach staff member. She then became the Medi-Cal outreach team manager while completing her Master of Public Policy &amp; Administration from California Lutheran University at the same time. She then became CAVC&#8217;s Manager of Community Services, in which she oversaw agency-wide reporting and compliance with the Community Service Block Grant. She also led Community Development workshops, marketing, and fund development efforts for CAVC.<\/p>\n<p>Susy es nativa del condado de Ventura, naci\u00f3 y se cri\u00f3 en Oxnard de padres inmigrantes de Oaxaca, M\u00e9xico. Asisti\u00f3 a Oxnard High School y luego obtuvo una licenciatura en Estudios Liberales y Espa\u00f1ol de la Universidad Estatal de California, Northridge. Despu\u00e9s de graduarse, Susy trabaj\u00f3 para organizaciones sin fines de lucro del sur de California antes de unirse a CAVC.<\/p>\n<p>Susy vive en Oxnard con su esposo, hijo y cuatro perros. En su tiempo libre, le gusta leer, asistir a eventos locales y encontrar nuevos restaurantes para probar.<\/p>\n\t\t\t<a href=\"\/es\/void(0)\/\" target=\"_self\" aria-label=\"BIOGRAF\u00cdA\" rel=\"noopener\">\n\t\t\t\t\t\t\t\t\t\t\tBIOGRAF\u00cdA\n\t\t<\/a>\n\t\t\t\t<img decoding=\"async\" data-src=\"https:\/\/ca-vc.org\/wp-content\/uploads\/2022\/06\/Fe-DeLeon-sq.jpg\" alt=\"Fe DeLeon\" itemprop=\"image\" height=\"800\" width=\"800\" onerror=\"this.style.display='none'\" src=\"data:image\/svg+xml;base64,PHN2ZyB3aWR0aD0iMSIgaGVpZ2h0PSIxIiB4bWxucz0iaHR0cDovL3d3dy53My5vcmcvMjAwMC9zdmciPjwvc3ZnPg==\" class=\"lazyload\" style=\"--smush-placeholder-width: 800px; --smush-placeholder-aspect-ratio: 800\/800;\" \/>\n<h3>\n\t\tfe de le\u00f3n\n\t<\/h3>\n\t<p>Controlador<\/p>\n\t\t\t<h4>fe de le\u00f3n<\/h4>\n\t\t\t<p>As CAVC&#8217;s Controller, Fe De Leon is responsible for overseeing CAVC&#8217;s financial statements, general ledger, payroll, accounts payable, accounts receivable, and various accounting duties. She prides herself on the accuracy of her work. Fe earned a degree in Business Administration with a major in Accounting from the Philippines School of Business Administration in Manila. She&#8217;s also taken accounting courses at Ventura College.<\/p>\n<p>Fe disfruta viendo baloncesto, especialmente sus amados Los Angeles Clippers. Tambi\u00e9n menciona caminar como su ejercicio favorito.<\/p>\n\t\t\t<a href=\"\/es\/void(0)\/\" target=\"_self\" aria-label=\"BIOGRAF\u00cdA\" rel=\"noopener\">\n\t\t\t\t\t\t\t\t\t\t\tBIOGRAF\u00cdA\n\t\t<\/a>\n\t\t\t\t<img decoding=\"async\" data-src=\"https:\/\/ca-vc.org\/wp-content\/uploads\/2023\/07\/Fanni-Azueta-Lee-2-1.jpg\" alt=\"Fanni Azueta-Lee 2\" itemprop=\"image\" height=\"2216\" width=\"2216\" title=\"Fanni Azueta-Lee 2\" onerror=\"this.style.display='none'\" src=\"data:image\/svg+xml;base64,PHN2ZyB3aWR0aD0iMSIgaGVpZ2h0PSIxIiB4bWxucz0iaHR0cDovL3d3dy53My5vcmcvMjAwMC9zdmciPjwvc3ZnPg==\" class=\"lazyload\" style=\"--smush-placeholder-width: 2216px; --smush-placeholder-aspect-ratio: 2216\/2216;\" \/>\n<h3>\n\t\tFanni Azueta\n\t<\/h3>\n\t<p>Gerente de Servicios Energ\u00e9ticos<\/p>\n\t\t\t<h4>Fanni Azueta-Lee<\/h4>\n\t\t\t<p>Fanni Azueta has 17 years of experience working with Community Action of Ventura County. She started in 2005 as a coordinator for the HEAP program, where she assisted families with utility bill payments. Soon after, she was promoted to the Weatherization department, where she ensured the quality of work was consistent with mandated regulations, standards, policies, and procedures at four different municipal levels. She has continued to lead the Weatherization program since and has made a deep impact in the lives of so many Ventura County families when they needed support.<\/p>\n<p>En su tiempo libre, disfruta leer buenos libros y planear viajes alrededor del mundo con su familia y amigos.<\/p>\n\t\t\t<a href=\"\/es\/void(0)\/\" target=\"_self\" aria-label=\"BIOGRAF\u00cdA\" rel=\"noopener\">\n\t\t\t\t\t\t\t\t\t\t\tBIOGRAF\u00cdA\n\t\t<\/a>\n\t\t\t\t<img decoding=\"async\" data-src=\"https:\/\/ca-vc.org\/wp-content\/uploads\/2022\/06\/Maria-Ramirez-sq.jpg\" alt=\"Maria Ramirez\" itemprop=\"image\" height=\"800\" width=\"800\" onerror=\"this.style.display='none'\" src=\"data:image\/svg+xml;base64,PHN2ZyB3aWR0aD0iMSIgaGVpZ2h0PSIxIiB4bWxucz0iaHR0cDovL3d3dy53My5vcmcvMjAwMC9zdmciPjwvc3ZnPg==\" class=\"lazyload\" style=\"--smush-placeholder-width: 800px; --smush-placeholder-aspect-ratio: 800\/800;\" \/>\n<h3>\n\t\tMar\u00eda Ram\u00edrez\n\t<\/h3>\n\t<p>Gerente de Mont\u00f3n<\/p>\n\t\t\t<h4>Mar\u00eda Ram\u00edrez<\/h4>\n\t\t\t<p>Con m\u00e1s de 10 a\u00f1os de experiencia trabajando con las comunidades del condado de Ventura, Mar\u00eda Ram\u00edrez supervisa los componentes asignados del Programa de Asistencia de Energ\u00eda para el Hogar (HEAP). Ayudar a los necesitados es extremadamente gratificante para Mar\u00eda y su equipo, especialmente cuando se trata de ofrecer apoyo para necesidades b\u00e1sicas como las facturas de servicios p\u00fablicos. Tratar a las personas que vienen a HEAP como personas, no como simples n\u00fameros o datos, es una prioridad para Mar\u00eda y el equipo de HEAP.<\/p>\n<p>Puede encontrar a Mar\u00eda pasando tiempo de calidad con su familia y facilitando talleres para su iglesia local en su tiempo libre.<\/p>\n\t\t\t<a href=\"\/es\/void(0)\/\" target=\"_self\" aria-label=\"BIOGRAF\u00cdA\" rel=\"noopener\">\n\t\t\t\t\t\t\t\t\t\t\tBIOGRAF\u00cdA\n\t\t<\/a>\n\t\t\t\t<img decoding=\"async\" data-src=\"https:\/\/ca-vc.org\/wp-content\/uploads\/2022\/06\/Claudia-Lozano-sq.jpg\" alt=\"Claudia Lozano\" itemprop=\"image\" height=\"800\" width=\"800\" onerror=\"this.style.display='none'\" src=\"data:image\/svg+xml;base64,PHN2ZyB3aWR0aD0iMSIgaGVpZ2h0PSIxIiB4bWxucz0iaHR0cDovL3d3dy53My5vcmcvMjAwMC9zdmciPjwvc3ZnPg==\" class=\"lazyload\" style=\"--smush-placeholder-width: 800px; --smush-placeholder-aspect-ratio: 800\/800;\" \/>\n<h3>\n\t\tclaudia lozano\n\t<\/h3>\n\t<p>Gerente de Servicios Comunitarios<\/p>\n\t\t\t<h4>claudia lozano<\/h4>\n\t\t\t<p>Claudia Lozano is the Community Services Manager for Community Action of Ventura County. Her duties include overseeing the administration of the Community Services Block Grant (CSBG) and the programs under the grant, such as the Food Program, Homeless Services, and Community Workshops. Claudia also works for our partner agency MICOP (Mixteco Indigenous Community Organizing Project), where she provides Indigenous Healing modalities and workshops through the Healing the Community program. She currently serves as a board member for the Oxnard Film Society and Friends of Campus Park and is on the Advisory Board for Teatro de Las Americas. In her free time, she loves spending quality time with her family.<\/p>\n\t\t\t<a href=\"\/es\/void(0)\/\" target=\"_self\" aria-label=\"BIOGRAF\u00cdA\" rel=\"noopener\">\n\t\t\t\t\t\t\t\t\t\t\tBIOGRAF\u00cdA\n\t\t<\/a>\n\t\t\t\t<img decoding=\"async\" data-src=\"https:\/\/ca-vc.org\/wp-content\/uploads\/2022\/06\/Lorenzo-Bislig-sq.jpg\" alt=\"Lorenzo Bislig\" itemprop=\"image\" height=\"800\" width=\"800\" onerror=\"this.style.display='none'\" src=\"data:image\/svg+xml;base64,PHN2ZyB3aWR0aD0iMSIgaGVpZ2h0PSIxIiB4bWxucz0iaHR0cDovL3d3dy53My5vcmcvMjAwMC9zdmciPjwvc3ZnPg==\" class=\"lazyload\" style=\"--smush-placeholder-width: 800px; --smush-placeholder-aspect-ratio: 800\/800;\" \/>\n<h3>\n\t\tlorenzo bislig\n\t<\/h3>\n\t<p>Facilities &amp; IT Manager<\/p>\n\t\t\t<h4>lorenzo bislig<\/h4>\n\t\t\t<p>Lorenzo Bislig is CAVC&#8217;s Facilities Manager. In this role, he has a hand in overseeing grounds maintenance, disaster preparedness, construction management, facilities maintenance engineering, safety and risk management. Lorenzo enjoys spending time with his family and local church, and he also manages his family&#8217;s small business &#8211; a printing shop &#8211; during his time off as its creative consultant.<\/p>\n\t\t\t<a href=\"\/es\/void(0)\/\" target=\"_self\" aria-label=\"BIOGRAF\u00cdA\" rel=\"noopener\">\n\t\t\t\t\t\t\t\t\t\t\tBIOGRAF\u00cdA\n\t\t<\/a>\n<h3>\n\t\tSacar a las comunidades de la pobreza hoy\n\t<\/h3>\n\t\t\t<a href=\"https:\/\/givebutter.com\/OVGIY0\" target=\"_blank\" role=\"button\" rel=\"noopener\">\n\t\t\t\t\t\t\t\u00a1DONE AHORA!\n\t\t\t\t\t<\/a>","protected":false},"excerpt":{"rendered":"<p>Who We Are CAVC Staff CAVC Leadership Team Susana &#8220;Susy&#8221; Lopez-Garcia Executive Director Susana &#8220;Susy&#8221; Lopez-Garcia Susy Lopez-Garcia became the Executive Director of Community Action of Ventura County (CAVC) on&hellip;<\/p>","protected":false},"author":1,"featured_media":0,"parent":0,"menu_order":0,"comment_status":"closed","ping_status":"closed","template":"","meta":{"_price":"","_stock":"","_tribe_ticket_header":"","_tribe_default_ticket_provider":"","_tribe_ticket_capacity":"0","_ticket_start_date":"","_ticket_end_date":"","_tribe_ticket_show_description":"","_tribe_ticket_show_not_going":false,"_tribe_ticket_use_global_stock":"","_tribe_ticket_global_stock_level":"","_global_stock_mode":"","_global_stock_cap":"","_tribe_rsvp_for_event":"","_tribe_ticket_going_count":"","_tribe_ticket_not_going_count":"","_tribe_tickets_list":"[]","_tribe_ticket_has_attendee_info_fields":false,"footnotes":"","_tec_slr_enabled":"","_tec_slr_layout":""},"class_list":["post-3265","page","type-page","status-publish","hentry"],"yoast_head":"<!-- This site is optimized with the Yoast SEO plugin v25.7 - https:\/\/yoast.com\/wordpress\/plugins\/seo\/ -->\n<title>CAVC Staff - Community Action VC<\/title>\n<meta name=\"robots\" content=\"index, follow, max-snippet:-1, max-image-preview:large, max-video-preview:-1\" \/>\n<link rel=\"canonical\" href=\"https:\/\/ca-vc.org\/es\/cavc-staff\/\" \/>\n<meta property=\"og:locale\" content=\"es_MX\" \/>\n<meta property=\"og:type\" content=\"article\" \/>\n<meta property=\"og:title\" content=\"CAVC Staff - Community Action VC\" \/>\n<meta property=\"og:description\" content=\"Who We Are CAVC Staff CAVC Leadership Team Susana &#8220;Susy&#8221; Lopez-Garcia Executive Director Susana &#8220;Susy&#8221; Lopez-Garcia Susy Lopez-Garcia became the Executive Director of Community Action of Ventura County (CAVC) on&hellip;\" \/>\n<meta property=\"og:url\" content=\"https:\/\/ca-vc.org\/es\/cavc-staff\/\" \/>\n<meta property=\"og:site_name\" content=\"Community Action VC\" \/>\n<meta property=\"article:publisher\" content=\"https:\/\/www.facebook.com\/capventura\/\" \/>\n<meta property=\"article:modified_time\" content=\"2025-02-06T19:37:26+00:00\" \/>\n<meta property=\"og:image\" content=\"https:\/\/ca-vc.org\/wp-content\/uploads\/2022\/06\/Susy-Headshot-sq.jpg\" \/>\n<meta name=\"twitter:card\" content=\"summary_large_image\" \/>\n<meta name=\"twitter:site\" content=\"@cap_ventura\" \/>\n<script type=\"application\/ld+json\" class=\"yoast-schema-graph\">{\"@context\":\"https:\/\/schema.org\",\"@graph\":[{\"@type\":\"WebPage\",\"@id\":\"https:\/\/ca-vc.org\/cavc-staff\/\",\"url\":\"https:\/\/ca-vc.org\/cavc-staff\/\",\"name\":\"CAVC Staff - Community Action VC\",\"isPartOf\":{\"@id\":\"https:\/\/ca-vc.org\/#website\"},\"primaryImageOfPage\":{\"@id\":\"https:\/\/ca-vc.org\/cavc-staff\/#primaryimage\"},\"image\":{\"@id\":\"https:\/\/ca-vc.org\/cavc-staff\/#primaryimage\"},\"thumbnailUrl\":\"https:\/\/ca-vc.org\/wp-content\/uploads\/2022\/06\/Susy-Headshot-sq.jpg\",\"datePublished\":\"2022-06-16T16:39:55+00:00\",\"dateModified\":\"2025-02-06T19:37:26+00:00\",\"breadcrumb\":{\"@id\":\"https:\/\/ca-vc.org\/cavc-staff\/#breadcrumb\"},\"inLanguage\":\"es\",\"potentialAction\":[{\"@type\":\"ReadAction\",\"target\":[\"https:\/\/ca-vc.org\/cavc-staff\/\"]}]},{\"@type\":\"ImageObject\",\"inLanguage\":\"es\",\"@id\":\"https:\/\/ca-vc.org\/cavc-staff\/#primaryimage\",\"url\":\"https:\/\/ca-vc.org\/wp-content\/uploads\/2022\/06\/Susy-Headshot-sq.jpg\",\"contentUrl\":\"https:\/\/ca-vc.org\/wp-content\/uploads\/2022\/06\/Susy-Headshot-sq.jpg\"},{\"@type\":\"BreadcrumbList\",\"@id\":\"https:\/\/ca-vc.org\/cavc-staff\/#breadcrumb\",\"itemListElement\":[{\"@type\":\"ListItem\",\"position\":1,\"name\":\"Home\",\"item\":\"https:\/\/ca-vc.org\/\"},{\"@type\":\"ListItem\",\"position\":2,\"name\":\"CAVC Staff\"}]},{\"@type\":\"WebSite\",\"@id\":\"https:\/\/ca-vc.org\/#website\",\"url\":\"https:\/\/ca-vc.org\/\",\"name\":\"Community Action VC\",\"description\":\"Helping People. Changing Lives.\",\"publisher\":{\"@id\":\"https:\/\/ca-vc.org\/#organization\"},\"potentialAction\":[{\"@type\":\"SearchAction\",\"target\":{\"@type\":\"EntryPoint\",\"urlTemplate\":\"https:\/\/ca-vc.org\/?s={search_term_string}\"},\"query-input\":{\"@type\":\"PropertyValueSpecification\",\"valueRequired\":true,\"valueName\":\"search_term_string\"}}],\"inLanguage\":\"es\"},{\"@type\":\"Organization\",\"@id\":\"https:\/\/ca-vc.org\/#organization\",\"name\":\"Community Action of Ventura County\",\"url\":\"https:\/\/ca-vc.org\/\",\"logo\":{\"@type\":\"ImageObject\",\"inLanguage\":\"es\",\"@id\":\"https:\/\/ca-vc.org\/#\/schema\/logo\/image\/\",\"url\":\"https:\/\/ca-vc.org\/wp-content\/uploads\/2018\/12\/LOGO-2022-OFFICIAL-B.png\",\"contentUrl\":\"https:\/\/ca-vc.org\/wp-content\/uploads\/2018\/12\/LOGO-2022-OFFICIAL-B.png\",\"width\":1000,\"height\":387,\"caption\":\"Community Action of Ventura County\"},\"image\":{\"@id\":\"https:\/\/ca-vc.org\/#\/schema\/logo\/image\/\"},\"sameAs\":[\"https:\/\/www.facebook.com\/capventura\/\",\"https:\/\/x.com\/cap_ventura\",\"https:\/\/www.instagram.com\/cap_ventura\/\"]}]}<\/script>\n<!-- \/ Yoast SEO plugin. -->","yoast_head_json":{"title":"CAVC Staff - Community Action VC","robots":{"index":"index","follow":"follow","max-snippet":"max-snippet:-1","max-image-preview":"max-image-preview:large","max-video-preview":"max-video-preview:-1"},"canonical":"https:\/\/ca-vc.org\/es\/cavc-staff\/","og_locale":"es_MX","og_type":"article","og_title":"CAVC Staff - Community Action VC","og_description":"Who We Are CAVC Staff CAVC Leadership Team Susana &#8220;Susy&#8221; Lopez-Garcia Executive Director Susana &#8220;Susy&#8221; Lopez-Garcia Susy Lopez-Garcia became the Executive Director of Community Action of Ventura County (CAVC) on&hellip;","og_url":"https:\/\/ca-vc.org\/es\/cavc-staff\/","og_site_name":"Community Action VC","article_publisher":"https:\/\/www.facebook.com\/capventura\/","article_modified_time":"2025-02-06T19:37:26+00:00","og_image":[{"url":"https:\/\/ca-vc.org\/wp-content\/uploads\/2022\/06\/Susy-Headshot-sq.jpg","type":"","width":"","height":""}],"twitter_card":"summary_large_image","twitter_site":"@cap_ventura","schema":{"@context":"https:\/\/schema.org","@graph":[{"@type":"WebPage","@id":"https:\/\/ca-vc.org\/cavc-staff\/","url":"https:\/\/ca-vc.org\/cavc-staff\/","name":"CAVC Staff - Community Action VC","isPartOf":{"@id":"https:\/\/ca-vc.org\/#website"},"primaryImageOfPage":{"@id":"https:\/\/ca-vc.org\/cavc-staff\/#primaryimage"},"image":{"@id":"https:\/\/ca-vc.org\/cavc-staff\/#primaryimage"},"thumbnailUrl":"https:\/\/ca-vc.org\/wp-content\/uploads\/2022\/06\/Susy-Headshot-sq.jpg","datePublished":"2022-06-16T16:39:55+00:00","dateModified":"2025-02-06T19:37:26+00:00","breadcrumb":{"@id":"https:\/\/ca-vc.org\/cavc-staff\/#breadcrumb"},"inLanguage":"es","potentialAction":[{"@type":"ReadAction","target":["https:\/\/ca-vc.org\/cavc-staff\/"]}]},{"@type":"ImageObject","inLanguage":"es","@id":"https:\/\/ca-vc.org\/cavc-staff\/#primaryimage","url":"https:\/\/ca-vc.org\/wp-content\/uploads\/2022\/06\/Susy-Headshot-sq.jpg","contentUrl":"https:\/\/ca-vc.org\/wp-content\/uploads\/2022\/06\/Susy-Headshot-sq.jpg"},{"@type":"BreadcrumbList","@id":"https:\/\/ca-vc.org\/cavc-staff\/#breadcrumb","itemListElement":[{"@type":"ListItem","position":1,"name":"Home","item":"https:\/\/ca-vc.org\/"},{"@type":"ListItem","position":2,"name":"CAVC Staff"}]},{"@type":"WebSite","@id":"https:\/\/ca-vc.org\/#website","url":"https:\/\/ca-vc.org\/","name":"Community Action VC","description":"Helping People. Changing Lives.","publisher":{"@id":"https:\/\/ca-vc.org\/#organization"},"potentialAction":[{"@type":"SearchAction","target":{"@type":"EntryPoint","urlTemplate":"https:\/\/ca-vc.org\/?s={search_term_string}"},"query-input":{"@type":"PropertyValueSpecification","valueRequired":true,"valueName":"search_term_string"}}],"inLanguage":"es"},{"@type":"Organization","@id":"https:\/\/ca-vc.org\/#organization","name":"Acci\u00f3n Comunitaria del Condado de Ventura","url":"https:\/\/ca-vc.org\/","logo":{"@type":"ImageObject","inLanguage":"es","@id":"https:\/\/ca-vc.org\/#\/schema\/logo\/image\/","url":"https:\/\/ca-vc.org\/wp-content\/uploads\/2018\/12\/LOGO-2022-OFFICIAL-B.png","contentUrl":"https:\/\/ca-vc.org\/wp-content\/uploads\/2018\/12\/LOGO-2022-OFFICIAL-B.png","width":1000,"height":387,"caption":"Community Action of Ventura County"},"image":{"@id":"https:\/\/ca-vc.org\/#\/schema\/logo\/image\/"},"sameAs":["https:\/\/www.facebook.com\/capventura\/","https:\/\/x.com\/cap_ventura","https:\/\/www.instagram.com\/cap_ventura\/"]}]}},"ticketed":false,"_links":{"self":[{"href":"https:\/\/ca-vc.org\/es\/wp-json\/wp\/v2\/pages\/3265","targetHints":{"allow":["GET"]}}],"collection":[{"href":"https:\/\/ca-vc.org\/es\/wp-json\/wp\/v2\/pages"}],"about":[{"href":"https:\/\/ca-vc.org\/es\/wp-json\/wp\/v2\/types\/page"}],"author":[{"embeddable":true,"href":"https:\/\/ca-vc.org\/es\/wp-json\/wp\/v2\/users\/1"}],"replies":[{"embeddable":true,"href":"https:\/\/ca-vc.org\/es\/wp-json\/wp\/v2\/comments?post=3265"}],"version-history":[{"count":0,"href":"https:\/\/ca-vc.org\/es\/wp-json\/wp\/v2\/pages\/3265\/revisions"}],"wp:attachment":[{"href":"https:\/\/ca-vc.org\/es\/wp-json\/wp\/v2\/media?parent=3265"}],"curies":[{"name":"wp","href":"https:\/\/api.w.org\/{rel}","templated":true}]}}